{"id":329,"date":"2019-09-17T17:29:42","date_gmt":"2019-09-17T17:29:42","guid":{"rendered":"http:\/\/alverniasgratitud.org\/?page_id=329"},"modified":"2020-10-27T23:51:36","modified_gmt":"2020-10-27T23:51:36","slug":"experiencia-viviendo-en-gratitud","status":"publish","type":"page","link":"https:\/\/alverniasgratitud.org\/index.php\/experiencia-viviendo-en-gratitud\/","title":{"rendered":"Viviendo en gratitud"},"content":{"rendered":"\n<p>Se\ndesarrolla en jornadas con grupos entre 10 y 20 personas. Este proceso permite\ndescubrir el camino hacia la gratitud, c\u00f3mo vivenciarla y adoptar un nuevo\nestilo de vida que nutre de plenitud el ser.<\/p>\n\n\n\n<ul class=\"wp-block-list\"><li><strong>Jornada de Iniciaci\u00f3n hacia la Gratitud:<\/strong>. (Duraci\u00f3n 8 horas). Se realiza el primer s\u00e1bado de cada mes) (pronto publicaremos calendario de actividades)<\/li><li><strong>Jornada Afianzando la Gratitud:<\/strong> (Duraci\u00f3n 8 horas). Se realiza cada 3 meses \u00a0(pronto publicaremos calendario de actividades)<\/li><li><strong>Jornada Caja de agradecimiento:<\/strong> (Duraci\u00f3n 1,5 d\u00edas. Se realiza cada 3 meses. (pronto publicaremos calendario de actividades)<\/li><\/ul>\n\n\n\n<p class=\"has-medium-font-size\"><strong>C\u00f3mo puedes participar de las jornadas:<\/strong><\/p>\n\n\n\n<p><a href=\"http:\/\/alverniasgratitud.org\/index.php\/contactenos\/?customize_changeset_uuid=8b88962e-0724-4d5d-b397-5e9e7230d3fa&amp;customize_messenger_channel=preview-0\" target=\"_blank\" rel=\"noreferrer noopener\" aria-label=\"Escr\u00edbenos un correo  (opens in a new tab)\">Escr\u00edbenos un correo <\/a>donde compartas la motivaci\u00f3n para conocer el Centro de agradecimiento y vivir una experiencia de gratitud en \u00e9l. Oportunamente recibir\u00e1s una respuesta por parte de nuestro equipo de trabajo.<\/p>\n\n\n\n<p class=\"has-medium-font-size\"><strong>Normas de convivencia para visitar el Centro de Agradecimiento:<\/strong><\/p>\n\n\n\n<ul class=\"wp-block-list\"><li>El Centro de agradecimiento Alvernia\u00b4s est\u00e1 abierto a todos los hombres de buena voluntad, por tal motivo es \u201cno confesional\u201d y lo pueden visitar quienes compartan dos principios: <em>fomentar la vida en gratitud y plasmar la gratitud en la Madre Tierra.<\/em><\/li><li>En el Centro de agradecimiento no est\u00e1 permitido el consumo de bebidas alcoh\u00f3licas, de sustancias psico activas, ni la pr\u00e1ctica de actividades sexuales.<\/li><li>&nbsp;No est\u00e1 permitida la visita al Centro de Agradecimiento de menores de edad, sin el acompa\u00f1amiento o permiso expreso de sus padres o acudientes.<\/li><li>En todo momento se debe velar por el cuidado y conservaci\u00f3n del medio ambiente.<\/li><\/ul>\n\n\n\n<p class=\"has-medium-font-size\"><strong>C\u00f3mo retribuir la experiencia vivida en el Centro de Agradecimiento:<\/strong><\/p>\n\n\n\n<ul class=\"wp-block-list\"><li>Manifestando la voluntad expresa de realizar acciones por el cuidado y conservaci\u00f3n del medio ambiente.<\/li><li>Manifestando la voluntad expresa de realizar acciones de gratitud que beneficien a seres humanos que lo puedan estar necesitando.<\/li><li>Haciendo aportes para el cuidado, conservaci\u00f3n y difusi\u00f3n del Centro de Agradecimiento Alvernia\u00b4s.<\/li><\/ul>\n\n\n\n<p class=\"has-text-align-center has-large-font-size\">Archivo Fotogr\u00e1fico<br><br><\/p>\n\n\n\n<p><\/p>\n\n\n\n<div class=\"wp-block-columns has-2-columns is-layout-flex wp-container-core-columns-is-layout-9d6595d7 wp-block-columns-is-layout-flex\">\n<div class=\"wp-block-column is-layout-flow wp-block-column-is-layout-flow\">\n<p class=\"has-text-align-center has-medium-font-size\">Jornada 26 de noviembre 2017<\/p>\n\n\n\n<div class=\"alignnormal\"><div id=\"metaslider-id-335\" style=\"max-width: 400px; margin: 0 auto;\" class=\"ml-slider-3-108-0 metaslider metaslider-nivo metaslider-335 ml-slider has-dots-nav ms-theme-default\" role=\"region\" aria-label=\"Jornada 27 Noviembre 2017\" data-height=\"300\" data-width=\"400\">\n    <div id=\"metaslider_container_335\">\n        <div class='slider-wrapper theme-default'><div class='ribbon'><\/div><div id='metaslider_335' class='nivoSlider'><img loading=\"lazy\" decoding=\"async\" src=\"https:\/\/alverniasgratitud.org\/wp-content\/uploads\/2019\/09\/Alvernias_gratitud_jornada_27_nov_2017_4-e1568742392351-400x300.jpg\" height=\"300\" width=\"400\" title=\"Alvernias_gratitud_jornada_27_nov_2017_4\" alt=\"\" class=\"slider-335 slide-337 msDefaultImage\" \/><img loading=\"lazy\" decoding=\"async\" src=\"https:\/\/alverniasgratitud.org\/wp-content\/uploads\/2019\/09\/grupos_alvernias_gratitud-400x300.jpg\" height=\"300\" width=\"400\" title=\"grupos_alvernias_gratitud\" alt=\"\" class=\"slider-335 slide-338 msDefaultImage\" \/><img loading=\"lazy\" decoding=\"async\" src=\"https:\/\/alverniasgratitud.org\/wp-content\/uploads\/2019\/09\/maloka_alvernias_gratitud-400x300.jpeg\" height=\"300\" width=\"400\" title=\"maloka_alvernias_gratitud\" alt=\"\" class=\"slider-335 slide-365 msDefaultImage\" \/><\/div><\/div>\n        \n    <\/div>\n<\/div><\/div>\n\n\n\n<p class=\"has-text-align-center has-medium-font-size\">\n\n Jornada 7 de enero 2018\n\n<\/p>\n\n\n\n<div class=\"alignnormal\"><div id=\"metaslider-id-376\" style=\"max-width: 400px; margin: 0 auto;\" class=\"ml-slider-3-108-0 metaslider metaslider-nivo metaslider-376 ml-slider has-dots-nav ms-theme-default\" role=\"region\" aria-label=\"7 enero 2018\" data-height=\"300\" data-width=\"400\">\n    <div id=\"metaslider_container_376\">\n        <div class='slider-wrapper theme-default'><div class='ribbon'><\/div><div id='metaslider_376' class='nivoSlider'><img loading=\"lazy\" decoding=\"async\" src=\"https:\/\/alverniasgratitud.org\/wp-content\/uploads\/2019\/09\/jornada_7_enero_2018_alvernias_gratitud_1-400x300.jpg\" height=\"300\" width=\"400\" title=\"jornada_7_enero_2018_alvernias_gratitud_1\" alt=\"\" class=\"slider-376 slide-388 msDefaultImage\" \/><img loading=\"lazy\" decoding=\"async\" src=\"https:\/\/alverniasgratitud.org\/wp-content\/uploads\/2019\/09\/jornada_7_enero_2018_alvernias_gratitud_5-1-e1568764038379-391x293.jpg\" height=\"300\" width=\"400\" title=\"jornada_7_enero_2018_alvernias_gratitud_5\" alt=\"\" class=\"slider-376 slide-389 msDefaultImage\" \/><img loading=\"lazy\" decoding=\"async\" src=\"https:\/\/alverniasgratitud.org\/wp-content\/uploads\/2019\/09\/jornada_7_enero_2018_alvernias_gratitud_4-1-400x300.jpg\" height=\"300\" width=\"400\" title=\"jornada_7_enero_2018_alvernias_gratitud_4\" alt=\"\" class=\"slider-376 slide-390 msDefaultImage\" \/><img loading=\"lazy\" decoding=\"async\" src=\"https:\/\/alverniasgratitud.org\/wp-content\/uploads\/2019\/09\/jornada_7_enero_2018_alvernias_gratitud_3-1-400x300.jpg\" height=\"300\" width=\"400\" title=\"jornada_7_enero_2018_alvernias_gratitud_3\" alt=\"\" class=\"slider-376 slide-391 msDefaultImage\" \/><img loading=\"lazy\" decoding=\"async\" src=\"https:\/\/alverniasgratitud.org\/wp-content\/uploads\/2019\/09\/jornada_7_enero_2018_alvernias_gratitud_2-1-e1568764061669-400x300.jpg\" height=\"300\" width=\"400\" title=\"jornada_7_enero_2018_alvernias_gratitud_2\" alt=\"\" class=\"slider-376 slide-392 msDefaultImage\" \/><img loading=\"lazy\" decoding=\"async\" src=\"https:\/\/alverniasgratitud.org\/wp-content\/uploads\/2019\/09\/jornada_7_enero_2018_alvernias_gratitud_6-293x219.jpg\" height=\"300\" width=\"400\" title=\"jornada_7_enero_2018_alvernias_gratitud_6\" alt=\"\" class=\"slider-376 slide-393 msDefaultImage\" \/><img loading=\"lazy\" decoding=\"async\" src=\"https:\/\/alverniasgratitud.org\/wp-content\/uploads\/2019\/09\/jornada_7_enero_2018_alvernias_gratitud_3-400x300.jpg\" height=\"300\" width=\"400\" title=\"jornada_7_enero_2018_alvernias_gratitud_3\" alt=\"\" class=\"slider-376 slide-394 msDefaultImage\" \/><\/div><\/div>\n        \n    <\/div>\n<\/div><\/div>\n\n\n\n<p class=\"has-text-align-center has-medium-font-size\">\n\nJornada 13 de mayo 2018\n\n<\/p>\n\n\n\n<div class=\"alignnormal\"><div id=\"metaslider-id-400\" style=\"max-width: 400px; margin: 0 auto;\" class=\"ml-slider-3-108-0 metaslider metaslider-nivo metaslider-400 ml-slider has-dots-nav ms-theme-default\" role=\"region\" aria-label=\"13 mayo 2018\" data-height=\"300\" data-width=\"400\">\n    <div id=\"metaslider_container_400\">\n        <div class='slider-wrapper theme-default'><div class='ribbon'><\/div><div id='metaslider_400' class='nivoSlider'><img loading=\"lazy\" decoding=\"async\" src=\"https:\/\/alverniasgratitud.org\/wp-content\/uploads\/2019\/09\/Alvernias_gratitud_jornada_13_may_2018_2-400x300.jpg\" height=\"300\" width=\"400\" title=\"Alvernias_gratitud_jornada_13_may_2018_2\" alt=\"\" class=\"slider-400 slide-403 msDefaultImage\" \/><img loading=\"lazy\" decoding=\"async\" src=\"https:\/\/alverniasgratitud.org\/wp-content\/uploads\/2019\/09\/Alvernias_gratitud_jornada_13_may_2018_1-400x300.jpg\" height=\"300\" width=\"400\" title=\"Alvernias_gratitud_jornada_13_may_2018_1\" alt=\"\" class=\"slider-400 slide-404 msDefaultImage\" \/><\/div><\/div>\n        \n    <\/div>\n<\/div><\/div>\n\n\n\n<p class=\"has-text-align-center has-medium-font-size\">\n\nJornada 22 de julio 2018\n\n<\/p>\n\n\n\n<div class=\"alignnormal\"><div id=\"metaslider-id-418\" style=\"max-width: 400px; margin: 0 auto;\" class=\"ml-slider-3-108-0 metaslider metaslider-nivo metaslider-418 ml-slider has-dots-nav ms-theme-default\" role=\"region\" aria-label=\"22 julio 2018\" data-height=\"300\" data-width=\"400\">\n    <div id=\"metaslider_container_418\">\n        <div class='slider-wrapper theme-default'><div class='ribbon'><\/div><div id='metaslider_418' class='nivoSlider'><img loading=\"lazy\" decoding=\"async\" src=\"https:\/\/alverniasgratitud.org\/wp-content\/uploads\/2019\/09\/Alvernias_gratitud_jornada_22_julio_2018_4-400x300.jpg\" height=\"300\" width=\"400\" title=\"Alvernias_gratitud_jornada_22_julio_2018_4\" alt=\"\" class=\"slider-418 slide-419 msDefaultImage\" \/><img loading=\"lazy\" decoding=\"async\" src=\"https:\/\/alverniasgratitud.org\/wp-content\/uploads\/2019\/09\/Alvernias_gratitud_jornada_22_julio_2018_3-400x300.jpg\" height=\"300\" width=\"400\" title=\"Alvernias_gratitud_jornada_22_julio_2018_3\" alt=\"\" class=\"slider-418 slide-420 msDefaultImage\" \/><img loading=\"lazy\" decoding=\"async\" src=\"https:\/\/alverniasgratitud.org\/wp-content\/uploads\/2019\/09\/Alvernias_gratitud_jornada_22_julio_2018_2-400x300.jpg\" height=\"300\" width=\"400\" title=\"Alvernias_gratitud_jornada_22_julio_2018_2\" alt=\"\" class=\"slider-418 slide-421 msDefaultImage\" \/><img loading=\"lazy\" decoding=\"async\" src=\"https:\/\/alverniasgratitud.org\/wp-content\/uploads\/2019\/09\/Alvernias_gratitud_jornada_22_julio_2018_1-400x300.jpg\" height=\"300\" width=\"400\" title=\"Alvernias_gratitud_jornada_22_julio_2018_1\" alt=\"\" class=\"slider-418 slide-422 msDefaultImage\" \/><\/div><\/div>\n        \n    <\/div>\n<\/div><\/div>\n\n\n\n<p class=\"has-text-align-center has-medium-font-size\">\n\nJornada 7 de octubre 2018\n\n<\/p>\n\n\n\n<div class=\"alignnormal\"><div id=\"metaslider-id-430\" style=\"max-width: 400px; margin: 0 auto;\" class=\"ml-slider-3-108-0 metaslider metaslider-nivo metaslider-430 ml-slider has-dots-nav ms-theme-default\" role=\"region\" aria-label=\"7 oct 2018\" data-height=\"300\" data-width=\"400\">\n    <div id=\"metaslider_container_430\">\n        <div class='slider-wrapper theme-default'><div class='ribbon'><\/div><div id='metaslider_430' class='nivoSlider'><img loading=\"lazy\" decoding=\"async\" src=\"https:\/\/alverniasgratitud.org\/wp-content\/uploads\/2019\/09\/Alvernias_gratitud_jornada_7_oct_2018_2-e1568765674475-400x300.jpg\" height=\"300\" width=\"400\" title=\"Alvernias_gratitud_jornada_7_oct_2018_2\" alt=\"\" class=\"slider-430 slide-433 msDefaultImage\" \/><img loading=\"lazy\" decoding=\"async\" src=\"https:\/\/alverniasgratitud.org\/wp-content\/uploads\/2019\/09\/Alvernias_gratitud_jornada_7_oct_2018_1-400x300.jpg\" height=\"300\" width=\"400\" title=\"Alvernias_gratitud_jornada_7_oct_2018_1\" alt=\"\" class=\"slider-430 slide-434 msDefaultImage\" \/><\/div><\/div>\n        \n    <\/div>\n<\/div><\/div>\n\n\n\n<p class=\"has-text-align-center has-medium-font-size\">\n\nJornada 2 de febrero 2019\n\n<\/p>\n\n\n\n<div class=\"alignnormal\"><div id=\"metaslider-id-447\" style=\"max-width: 400px; margin: 0 auto;\" class=\"ml-slider-3-108-0 metaslider metaslider-nivo metaslider-447 ml-slider has-dots-nav ms-theme-default\" role=\"region\" aria-label=\"2 feb 2019\" data-height=\"300\" data-width=\"400\">\n    <div id=\"metaslider_container_447\">\n        <div class='slider-wrapper theme-default'><div class='ribbon'><\/div><div id='metaslider_447' class='nivoSlider'><img loading=\"lazy\" decoding=\"async\" src=\"https:\/\/alverniasgratitud.org\/wp-content\/uploads\/2019\/09\/Alvernias_gratitud_jornada_2_feb_2019_2-400x300.jpg\" height=\"300\" width=\"400\" title=\"Alvernias_gratitud_jornada_2_feb_2019_2\" alt=\"\" class=\"slider-447 slide-449 msDefaultImage\" \/><img loading=\"lazy\" decoding=\"async\" src=\"https:\/\/alverniasgratitud.org\/wp-content\/uploads\/2019\/09\/Alvernias_gratitud_jornada_2_feb_2019_3-e1568766004765-318x238.jpg\" height=\"300\" width=\"400\" title=\"Alvernias_gratitud_jornada_2_feb_2019_3\" alt=\"\" class=\"slider-447 slide-448 msDefaultImage\" \/><img loading=\"lazy\" decoding=\"async\" src=\"https:\/\/alverniasgratitud.org\/wp-content\/uploads\/2019\/09\/Alvernias_gratitud_jornada_2_feb_2019_1-400x300.jpg\" height=\"300\" width=\"400\" title=\"Alvernias_gratitud_jornada_2_feb_2019_1\" alt=\"\" class=\"slider-447 slide-450 msDefaultImage\" \/><\/div><\/div>\n        \n    <\/div>\n<\/div><\/div>\n<\/div>\n\n\n\n<div class=\"wp-block-column is-layout-flow wp-block-column-is-layout-flow\">\n<p class=\"has-text-align-center has-medium-font-size\">Jornada 16 de diciembre 2017<\/p>\n\n\n\n<div class=\"alignnormal\"><div id=\"metaslider-id-366\" style=\"max-width: 400px; margin: 0 auto;\" class=\"ml-slider-3-108-0 metaslider metaslider-nivo metaslider-366 ml-slider has-dots-nav ms-theme-default\" role=\"region\" aria-label=\"Jornada 16 dic 2017\" data-height=\"300\" data-width=\"400\">\n    <div id=\"metaslider_container_366\">\n        <div class='slider-wrapper theme-default'><div class='ribbon'><\/div><div id='metaslider_366' class='nivoSlider'><img loading=\"lazy\" decoding=\"async\" src=\"https:\/\/alverniasgratitud.org\/wp-content\/uploads\/2019\/09\/jornada_16_dic_2017_alvernias_gratitud_1-400x300.jpg\" height=\"300\" width=\"400\" title=\"jornada_16_dic_2017_alvernias_gratitud_1\" alt=\"\" class=\"slider-366 slide-370 msDefaultImage\" \/><img loading=\"lazy\" decoding=\"async\" src=\"https:\/\/alverniasgratitud.org\/wp-content\/uploads\/2019\/09\/jornada_16_dic_2017_alvernias_gratitud_3-400x300.jpg\" height=\"300\" width=\"400\" title=\"jornada_16_dic_2017_alvernias_gratitud_3\" alt=\"\" class=\"slider-366 slide-371 msDefaultImage\" \/><img loading=\"lazy\" decoding=\"async\" src=\"https:\/\/alverniasgratitud.org\/wp-content\/uploads\/2019\/09\/jornada_16_dic_2017_alvernias_gratitud_2-400x300.jpg\" height=\"300\" width=\"400\" title=\"jornada_16_dic_2017_alvernias_gratitud_2\" alt=\"\" class=\"slider-366 slide-372 msDefaultImage\" \/><\/div><\/div>\n        \n    <\/div>\n<\/div><\/div>\n\n\n\n<p class=\"has-text-align-center has-medium-font-size\">Jornada 7 abril de 2018<\/p>\n\n\n\n<div class=\"alignnormal\"><div id=\"metaslider-id-395\" style=\"max-width: 400px; margin: 0 auto;\" class=\"ml-slider-3-108-0 metaslider metaslider-nivo metaslider-395 ml-slider has-dots-nav ms-theme-default\" role=\"region\" aria-label=\"7 abril 2018\" data-height=\"300\" data-width=\"400\">\n    <div id=\"metaslider_container_395\">\n        <div class='slider-wrapper theme-default'><div class='ribbon'><\/div><div id='metaslider_395' class='nivoSlider'><img loading=\"lazy\" decoding=\"async\" src=\"https:\/\/alverniasgratitud.org\/wp-content\/uploads\/2019\/09\/Alvernias_gratitud_jornada_7_abril_2018_2-400x300.jpg\" height=\"300\" width=\"400\" title=\"Alvernias_gratitud_jornada_7_abril_2018_2\" alt=\"\" class=\"slider-395 slide-398 msDefaultImage\" \/><img loading=\"lazy\" decoding=\"async\" src=\"https:\/\/alverniasgratitud.org\/wp-content\/uploads\/2019\/09\/Alvernias_gratitud_jornada_7_abril_2018_1-400x300.jpg\" height=\"300\" width=\"400\" title=\"Alvernias_gratitud_jornada_7_abril_2018_1\" alt=\"\" class=\"slider-395 slide-399 msDefaultImage\" \/><\/div><\/div>\n        \n    <\/div>\n<\/div><\/div>\n\n\n\n<p class=\"has-text-align-center has-medium-font-size\"> Jornada 11 de junio 2018 <\/p>\n\n\n\n<div class=\"alignnormal\"><div id=\"metaslider-id-405\" style=\"max-width: 400px; margin: 0 auto;\" class=\"ml-slider-3-108-0 metaslider metaslider-nivo metaslider-405 ml-slider has-dots-nav ms-theme-default\" role=\"region\" aria-label=\"11 junio 2018\" data-height=\"300\" data-width=\"400\">\n    <div id=\"metaslider_container_405\">\n        <div class='slider-wrapper theme-default'><div class='ribbon'><\/div><div id='metaslider_405' class='nivoSlider'><img loading=\"lazy\" decoding=\"async\" src=\"https:\/\/alverniasgratitud.org\/wp-content\/uploads\/2019\/09\/Alvernias_gratitud_jornada_13_junio_2018_1-e1568765178287-400x300.jpg\" height=\"300\" width=\"400\" title=\"Alvernias_gratitud_jornada_13_junio_2018_1\" alt=\"\" class=\"slider-405 slide-410 msDefaultImage\" \/><img loading=\"lazy\" decoding=\"async\" src=\"https:\/\/alverniasgratitud.org\/wp-content\/uploads\/2019\/09\/Alvernias_gratitud_jornada_11_junio_2018_2-e1568765198474-400x300.jpg\" height=\"300\" width=\"400\" title=\"Alvernias_gratitud_jornada_11_junio_2018_2\" alt=\"\" class=\"slider-405 slide-411 msDefaultImage\" \/><img loading=\"lazy\" decoding=\"async\" src=\"https:\/\/alverniasgratitud.org\/wp-content\/uploads\/2019\/09\/Alvernias_gratitud_jornada_11_junio_2018_4-e1568765040731-330x247.jpg\" height=\"300\" width=\"400\" title=\"Alvernias_gratitud_jornada_11_junio_2018_4\" alt=\"\" class=\"slider-405 slide-412 msDefaultImage\" \/><img loading=\"lazy\" decoding=\"async\" src=\"https:\/\/alverniasgratitud.org\/wp-content\/uploads\/2019\/09\/Alvernias_gratitud_jornada_11_junio_2018_3-400x300.jpg\" height=\"300\" width=\"400\" title=\"Alvernias_gratitud_jornada_11_junio_2018_3\" alt=\"\" class=\"slider-405 slide-413 msDefaultImage\" \/><\/div><\/div>\n        \n    <\/div>\n<\/div><\/div>\n\n\n\n<p class=\"has-medium-font-size\">\n\n Jornada 15 de agosto 2018\n\n<\/p>\n\n\n\n<div class=\"alignnormal\"><div id=\"metaslider-id-426\" style=\"max-width: 400px; margin: 0 auto;\" class=\"ml-slider-3-108-0 metaslider metaslider-nivo metaslider-426 ml-slider has-dots-nav ms-theme-default\" role=\"region\" aria-label=\"15 agosto 2018\" data-height=\"300\" data-width=\"400\">\n    <div id=\"metaslider_container_426\">\n        <div class='slider-wrapper theme-default'><div class='ribbon'><\/div><div id='metaslider_426' class='nivoSlider'><img loading=\"lazy\" decoding=\"async\" src=\"https:\/\/alverniasgratitud.org\/wp-content\/uploads\/2019\/09\/Alvernias_gratitud_jornada_15_ago_2018_3-400x300.jpg\" height=\"300\" width=\"400\" title=\"Alvernias_gratitud_jornada_15_ago_2018_3\" alt=\"\" class=\"slider-426 slide-427 msDefaultImage\" \/><img loading=\"lazy\" decoding=\"async\" src=\"https:\/\/alverniasgratitud.org\/wp-content\/uploads\/2019\/09\/Alvernias_gratitud_jornada_15_ago_2018_2-400x300.jpg\" height=\"300\" width=\"400\" title=\"Alvernias_gratitud_jornada_15_ago_2018_2\" alt=\"\" class=\"slider-426 slide-428 msDefaultImage\" \/><img loading=\"lazy\" decoding=\"async\" src=\"https:\/\/alverniasgratitud.org\/wp-content\/uploads\/2019\/09\/Alvernias_gratitud_jornada_15_ago_2018_1-400x300.jpg\" height=\"300\" width=\"400\" title=\"Alvernias_gratitud_jornada_15_ago_2018_1\" alt=\"\" class=\"slider-426 slide-429 msDefaultImage\" \/><\/div><\/div>\n        \n    <\/div>\n<\/div><\/div>\n\n\n\n<p class=\"has-text-align-center has-medium-font-size\">\n\nJornada 13 de diciembre 2018\n\n<\/p>\n\n\n\n<div class=\"alignnormal\"><div id=\"metaslider-id-439\" style=\"max-width: 400px; margin: 0 auto;\" class=\"ml-slider-3-108-0 metaslider metaslider-nivo metaslider-439 ml-slider has-dots-nav ms-theme-default\" role=\"region\" aria-label=\"13 dic 2018\" data-height=\"300\" data-width=\"400\">\n    <div id=\"metaslider_container_439\">\n        <div class='slider-wrapper theme-default'><div class='ribbon'><\/div><div id='metaslider_439' class='nivoSlider'><img loading=\"lazy\" decoding=\"async\" src=\"https:\/\/alverniasgratitud.org\/wp-content\/uploads\/2019\/09\/Alvernias_gratitud_jornada_13_dic_2018_4-400x300.jpg\" height=\"300\" width=\"400\" title=\"Alvernias_gratitud_jornada_13_dic_2018_4\" alt=\"\" class=\"slider-439 slide-440 msDefaultImage\" \/><img loading=\"lazy\" decoding=\"async\" src=\"https:\/\/alverniasgratitud.org\/wp-content\/uploads\/2019\/09\/Alvernias_gratitud_jornada_13_dic_2018_3-400x300.jpg\" height=\"300\" width=\"400\" title=\"Alvernias_gratitud_jornada_13_dic_2018_3\" alt=\"\" class=\"slider-439 slide-441 msDefaultImage\" \/><img loading=\"lazy\" decoding=\"async\" src=\"https:\/\/alverniasgratitud.org\/wp-content\/uploads\/2019\/09\/Alvernias_gratitud_jornada_13_dic_2018_2-400x300.jpg\" height=\"300\" width=\"400\" title=\"Alvernias_gratitud_jornada_13_dic_2018_2\" alt=\"\" class=\"slider-439 slide-442 msDefaultImage\" \/><img loading=\"lazy\" decoding=\"async\" src=\"https:\/\/alverniasgratitud.org\/wp-content\/uploads\/2019\/09\/Alvernias_gratitud_jornada_13_dic_2018_1-400x300.jpg\" height=\"300\" width=\"400\" title=\"Alvernias_gratitud_jornada_13_dic_2018_1\" alt=\"\" class=\"slider-439 slide-443 msDefaultImage\" \/><\/div><\/div>\n        \n    <\/div>\n<\/div><\/div>\n\n\n\n<p class=\"has-text-align-center has-medium-font-size\">\n\nJornada 3 de marzo 2019\n\n<\/p>\n\n\n\n<div class=\"alignnormal\"><div id=\"metaslider-id-451\" style=\"max-width: 400px; margin: 0 auto;\" class=\"ml-slider-3-108-0 metaslider metaslider-nivo metaslider-451 ml-slider has-dots-nav ms-theme-default\" role=\"region\" aria-label=\"3 marzo 2019\" data-height=\"300\" data-width=\"400\">\n    <div id=\"metaslider_container_451\">\n        <div class='slider-wrapper theme-default'><div class='ribbon'><\/div><div id='metaslider_451' class='nivoSlider'><img loading=\"lazy\" decoding=\"async\" src=\"https:\/\/alverniasgratitud.org\/wp-content\/uploads\/2019\/09\/Alvernias_gratitud_jornada_3_marz_2019_1-e1568766167451-323x242.jpg\" height=\"300\" width=\"400\" title=\"Alvernias_gratitud_jornada_3_marz_2019_1\" alt=\"\" class=\"slider-451 slide-455 msDefaultImage\" \/><img loading=\"lazy\" decoding=\"async\" src=\"https:\/\/alverniasgratitud.org\/wp-content\/uploads\/2019\/09\/Alvernias_gratitud_jornada_3_marz_2019_2-400x300.jpg\" height=\"300\" width=\"400\" title=\"Alvernias_gratitud_jornada_3_marz_2019_2\" alt=\"\" class=\"slider-451 slide-456 msDefaultImage\" \/><img loading=\"lazy\" decoding=\"async\" src=\"https:\/\/alverniasgratitud.org\/wp-content\/uploads\/2019\/09\/Alvernias_gratitud_jornada_3_marz_2019_3-400x300.jpg\" height=\"300\" width=\"400\" title=\"Alvernias_gratitud_jornada_3_marz_2019_3\" alt=\"\" class=\"slider-451 slide-457 msDefaultImage\" \/><\/div><\/div>\n        \n    <\/div>\n<\/div><\/div>\n<\/div>\n<\/div>\n","protected":false},"excerpt":{"rendered":"<p>Se desarrolla en jornadas con grupos entre 10 y 20 personas. Este proceso permite descubrir el camino hacia la gratitud, c\u00f3mo vivenciarla y adoptar un nuevo estilo de vida que nutre de plenitud el ser. Jornada de Iniciaci\u00f3n hacia la Gratitud:. (Duraci\u00f3n 8 horas). Se realiza el primer s\u00e1bado de cada mes) (pronto publicaremos calendario&hellip; <br \/> <a class=\"read-more\" href=\"https:\/\/alverniasgratitud.org\/index.php\/experiencia-viviendo-en-gratitud\/\">Read more<\/a><\/p>\n","protected":false},"author":1,"featured_media":206,"parent":0,"menu_order":0,"comment_status":"closed","ping_status":"closed","template":"","meta":{"om_disable_all_campaigns":false,"_monsterinsights_skip_tracking":false,"_monsterinsights_sitenote_active":false,"_monsterinsights_sitenote_note":"","_monsterinsights_sitenote_category":0,"footnotes":""},"class_list":["post-329","page","type-page","status-publish","has-post-thumbnail","hentry"],"jetpack_sharing_enabled":true,"_links":{"self":[{"href":"https:\/\/alverniasgratitud.org\/index.php\/wp-json\/wp\/v2\/pages\/329","targetHints":{"allow":["GET"]}}],"collection":[{"href":"https:\/\/alverniasgratitud.org\/index.php\/wp-json\/wp\/v2\/pages"}],"about":[{"href":"https:\/\/alverniasgratitud.org\/index.php\/wp-json\/wp\/v2\/types\/page"}],"author":[{"embeddable":true,"href":"https:\/\/alverniasgratitud.org\/index.php\/wp-json\/wp\/v2\/users\/1"}],"replies":[{"embeddable":true,"href":"https:\/\/alverniasgratitud.org\/index.php\/wp-json\/wp\/v2\/comments?post=329"}],"version-history":[{"count":26,"href":"https:\/\/alverniasgratitud.org\/index.php\/wp-json\/wp\/v2\/pages\/329\/revisions"}],"predecessor-version":[{"id":614,"href":"https:\/\/alverniasgratitud.org\/index.php\/wp-json\/wp\/v2\/pages\/329\/revisions\/614"}],"wp:featuredmedia":[{"embeddable":true,"href":"https:\/\/alverniasgratitud.org\/index.php\/wp-json\/wp\/v2\/media\/206"}],"wp:attachment":[{"href":"https:\/\/alverniasgratitud.org\/index.php\/wp-json\/wp\/v2\/media?parent=329"}],"curies":[{"name":"wp","href":"https:\/\/api.w.org\/{rel}","templated":true}]}}