{"id":52,"date":"2019-08-16T23:59:07","date_gmt":"2019-08-16T23:59:07","guid":{"rendered":"http:\/\/alverniasgratitud.org\/index.php\/mesmerize\/"},"modified":"2021-05-22T22:30:18","modified_gmt":"2021-05-22T22:30:18","slug":"mesmerize","status":"publish","type":"page","link":"https:\/\/alverniasgratitud.org\/","title":{"rendered":"Front Page"},"content":{"rendered":"<div  data-label=\"About\" data-id=\"about--3\" data-export-id=\"about-1\" data-category=\"about\" class=\"about-1 content-section\" id=\"about-1\" style=\"background-color: rgb(255, 255, 255);\"><div  class=\"gridContainer\"> <div  class=\"row text-center\"><div  class=\"section-title-col\" data-type=\"column\">  <h2  class=\"\">NUESTRO EJE DE ACCI\u00d3N<\/h2><h2  class=\"\">Incentivar en las personas&nbsp;<span  href=\"#\" style=\"font-weight: 700; font-family: Playfair Display,sans-serif; font-style: italic;\">el sentimiento de la gratitud en sus acciones diarias<\/span><\/h2> <\/div> <\/div> <div  class=\"row\"> <div  class=\"button-holder space-bottom space-bottom-small\" data-type=\"column\"> <\/div> <div  class=\"col-xs bottom-xs flexbox image-group-bottom-3-img space-bottom-xs center-xs\"> <img decoding=\"async\"  class=\"left-img shadow-large-black\" data-size=\"500x300\" src=\"https:\/\/alverniasgratitud.org\/wp-content\/uploads\/2019\/09\/cropped-atardecer-1.jpg\" alt=\"\" title=\"cropped-atardecer-1.jpg\"> <img decoding=\"async\"  class=\"center-img shadow-large-black\" data-size=\"500x300\" src=\"https:\/\/alverniasgratitud.org\/wp-content\/uploads\/2019\/08\/cropped-DSC0160X2500-3.jpg\" alt=\"\" title=\"cropped-DSC0160X2500-3.jpg\"> <img decoding=\"async\"  class=\"right-img shadow-large-black\" data-size=\"500x300\" src=\"https:\/\/alverniasgratitud.org\/wp-content\/uploads\/2019\/09\/cropped-sembrando_gratitud-12.jpg\" alt=\"\" title=\"cropped-sembrando_gratitud-12.jpg\"><\/div> <\/div><\/div> <\/div><div  data-label=\"Nuestro eje de accion\" data-id=\"about--2\" data-export-id=\"about-9\" data-category=\"about\" class=\"about-9 content-section content-section-spacing\" id=\"nuestro-eje-de-accion\" style=\"background-color: rgb(245, 250, 253);\"><div  class=\"gridContainer\"> <div  class=\"row middle-sm text-center\"><div  class=\"col-sm-5 space-bottom-xs content-column content-right-sm\" data-type=\"column\">  <h2  class=\"\">\u00bfC\u00d3MO VIVIMOS EL AGRADECIMIENTO?<\/h2><h2  class=\"\">Lo hacemos de tres maneras&nbsp;<br ><font  face=\"Playfair Display, sans-serif\"><b ><i >La transformaci\u00f3n del ser, del medio ambiente y de las comunidades<\/i><\/b><\/font><\/h2> <p  class=\"\">En el centro de agradecimiento asumimos la gratitud como un estilo de vida, cuidando el medio ambiente como una herramienta que apoya a nuestra transformaci\u00f3n, con un esquema de trabajo en redes.<\/p> <a class=\"button color1\" href=\"https:\/\/alverniasgratitud.org\/index.php\/quienes-somos\" target=\"_self\" data-cp-link=\"1\" rel=\"noopener noreferrer\">clic aqu\u00ed para mas informaci\u00f3n<\/a><\/div> <div  class=\"col-sm-7 flexbox flexbox middle-xs center-xs space-bottom-xs\"><div  class=\"overlay-box flexbox middle-xs center-xs overlay-holder \"> <div  class=\"overlay-box-offset offset-background shadow-medium bg-color2 hide-xs\"><\/div> <img decoding=\"async\"  class=\"flexbox shadow-large img1\" src=\"https:\/\/alverniasgratitud.org\/wp-content\/uploads\/2019\/09\/cropped-Maloka-1.jpg\" data-size=\"600x400\" alt=\"\" title=\"cropped-Maloka-1.jpg\"><\/div> <\/div><\/div> <\/div><\/div><div  data-label=\"Servicios\" data-id=\"features--1\" data-export-id=\"features-16-card-bordered-mc\" data-category=\"features\" class=\"features-16-card-bordered-mc content-section content-section-spacing\" id=\"servicios\" style=\"background-color: rgb(245, 250, 253);\"><div  class=\"gridContainer\"> <div  class=\"row text-center\"><div  class=\"section-title-col\" data-type=\"column\"> <h5  class=\"\">Fundaci\u00f3n Alvernia\u2019s Gratitud<\/h5> <h2  class=\"\">\u00bfC\u00f3mo lo hacemos?<\/h2> <p  class=\"lead\">Llevamos a cabo programas, proyectos y actividades en el territorio de Colombia, con ellos contribuimos a incentivar en las personas el esp\u00edritu de gratitud y plasmarlo en la madre tierra, mediante la siembra, cuidado de \u00e1rboles y otras actividades, involucrando a la comunidad de los sectores donde la Fundaci\u00f3n desarrolle sus acciones.<\/p><\/div> <\/div> <div  class=\"row spaced-cols\" data-type=\"row\"> <div  class=\"col-xs-12 col-sm-6 col-md-4\"> <div  class=\"card no-padding bordered y-move\"> <img decoding=\"async\"  class=\"face\" src=\"https:\/\/alverniasgratitud.org\/wp-content\/uploads\/2019\/09\/cropped-grupos_alvernias_gratitud-1.jpg\" alt=\"\" title=\"cropped-grupos_alvernias_gratitud-1.jpg\"> <div  data-type=\"column\" class=\"col-padding-small col-padding-small-xs description-container\"> <h4  class=\"font-500\">Educaci\u00f3n<\/h4> <p  class=\"\">\u2013 Capacitaciones, talleres, charlas, ponencias y conferencias dirigidas a los diferentes grupos de inter\u00e9s y la comunidad en general que soliciten nuestros servicios.&nbsp;\n<br >\u2013 Promoci\u00f3n de educaci\u00f3n y formaci\u00f3n en ni\u00f1os, j\u00f3venes y adultos en temas ambientales, de Comercio Justo y de crecimiento personal.<\/p><\/div> <div  data-type=\"column\" class=\"col-padding-small col-padding-small-xs read-more-container\"><\/div> <\/div><\/div> <div  class=\"col-xs-12 col-sm-6 col-md-4\"><div  class=\"card no-padding bordered y-move\"> <img decoding=\"async\"  class=\"face\" src=\"https:\/\/alverniasgratitud.org\/wp-content\/uploads\/2019\/08\/cropped-DSC0145X2500-2.jpg\" alt=\"\" title=\"cropped-DSC0145X2500-2.jpg\"> <div  data-type=\"column\" class=\"col-padding-small col-padding-small-xs description-container\"> <h4  class=\"font-500\">Ecolog\u00eda y Medio Ambiente<\/h4> <p  class=\"\">\u2013 Promoci\u00f3n de programas que promuevan la conservaci\u00f3n del medio ambiente.<br >\u2013 Reciclaje y manejo de desechos.<br >\u2013 Conservaci\u00f3n y recuperaci\u00f3n de fuentes h\u00eddricas.<br >\u2013 Reforestaci\u00f3n con \u00e1rboles nativos.<br >\u2013 Cuidado de la Fauna y Flora en las zonas de alcance de la Fundaci\u00f3n.<\/p><\/div> <div  data-type=\"column\" class=\"col-padding-small col-padding-small-xs read-more-container\"><\/div> <\/div><\/div> <div  class=\"col-xs-12 col-sm-6 col-md-4\"><div  class=\"card no-padding bordered y-move\"> <img decoding=\"async\"  class=\"face\" src=\"https:\/\/alverniasgratitud.org\/wp-content\/uploads\/2019\/09\/cropped-maloka_alvernias_gratitud-1.jpeg\" alt=\"\" title=\"cropped-maloka_alvernias_gratitud-1.jpeg\"> <div  data-type=\"column\" class=\"col-padding-small col-padding-small-xs description-container\"> <h4  class=\"font-500\">Comunicaci\u00f3n<\/h4> <p  class=\"\">\u2013 Investigaci\u00f3n y divulgaci\u00f3n de estudios de impacto de programas y proyectos ejecutados.\n<br ><br ><br >\u2013 An\u00e1lisis de indicadores, datos y resultados de proyectos.<\/p><\/div> <div  data-type=\"column\" class=\"col-padding-small col-padding-small-xs read-more-container\"><\/div> <\/div><\/div> <\/div><\/div> <\/div><div  data-label=\"Acampemos\" data-id=\"about--4\" data-export-id=\"about-4\" data-category=\"about\" class=\"about-4 content-section content-section-spacing\" id=\"acampemos\" style=\"background-color: rgb(255, 255, 255);\"><div  class=\"gridContainer\"> <div  class=\"row middle-sm text-center\"><div  class=\"col-sm-5 space-bottom-xs\" data-type=\"column\"> <h5  class=\"\">ACAMPEMOS J\u00d3VENES<\/h5> <h2  class=\"\">Gratitud&nbsp;<br ><span  style=\"font-family: Playfair Display,sans-serif; font-weight: 700; font-style: italic;\" href=\"#\">Liderazgo y responsabilidad<\/span><\/h2> <p  class=\"\">Esta experiencia est\u00e1 orientada a j\u00f3venes y permite la construcci\u00f3n de redes de pares en torno a la gratitud, el liderazgo y la responsabilidad de los j\u00f3venes con los objetivos del desarrollo  sostenible y las acciones del cuidado ambiental..<\/p> <a class=\"button color1\" href=\"https:\/\/alverniasgratitud.org\/index.php\/acampemos\" target=\"_self\" data-cp-link=\"1\" rel=\"noopener noreferrer\">clic aqu\u00ed para mas informaci\u00f3n<\/a><\/div> <div  class=\"col-sm-7 flexbox center-xs middle-xs image-group-2-img\"> <img decoding=\"async\"  class=\"img-1 shadow-large\" data-size=\"250x200\" src=\"https:\/\/alverniasgratitud.org\/wp-content\/uploads\/2019\/09\/cropped-acampemos_alvernias_gratitud-1.jpg\" alt=\"\" title=\"cropped-acampemos_alvernias_gratitud-1.jpg\"> <img decoding=\"async\"  class=\"img-2 shadow-large\" data-size=\"220x170\" src=\"https:\/\/alverniasgratitud.org\/wp-content\/uploads\/2019\/09\/cropped-logo_acampemos_alvernias_gratitud.jpg\" alt=\"\" title=\"cropped-logo_acampemos_alvernias_gratitud.jpg\"><\/div> <\/div><\/div> <\/div><div  data-label=\"Team\" data-id=\"team--1\" data-export-id=\"team-5-mc\" data-category=\"team\" class=\"team-5-mc content-section content-section-spacing\" id=\"team-1\" style=\"background-color: rgb(245, 250, 253);\"><div  class=\"gridContainer\"> <div  class=\"row text-center\"><div  class=\"section-title-col\" data-type=\"column\"> <h5  class=\"\">Trabajamos en equipo y en comunidad<\/h5> <h2  class=\"\">Nuestro equipo<\/h2> <\/div> <\/div> <div  class=\"row spaced-cols content-center-sm\" data-type=\"row\"> <div  class=\"col-xs-12 col-sm-6 col-md-3 col-padding\"> <div  class=\"row \"> <div  data-type=\"column\" class=\"col-xs-12 col-sm-12\"> <img decoding=\"async\"  class=\"round face\" src=\"https:\/\/alverniasgratitud.org\/wp-content\/uploads\/2019\/09\/cropped-Foto_perfil_Luis_F_Martinez_.jpg\" alt=\"\" title=\"cropped-Foto_perfil_Luis_F_Martinez_.jpg\"> <h4  class=\"font-500\"><span  style=\"font-weight: 300;\">Luis Fernando Martinez C.<\/span><\/h4> <p  class=\"italic\"><span  style=\"font-weight: 300;\">&nbsp;Gerente<\/span><\/p>  <a class=\"link\" href=\"mailto:luis.martinez@alverniasgratitud.org\" target=\"_self\" data-cp-link=\"1\" rel=\"noopener noreferrer\">luis.martinez@alverniasgratitud.org<\/a><div  class=\"social-icons-group\" data-type=\"group\"> <a href=\"#\" target=\"_self\" data-reiki-hidden=\"true\" rel=\"noopener noreferrer\"><i  class=\"gray fa icon fa-facebook-square\"><\/i><\/a> <a href=\"#\" target=\"_self\" data-reiki-hidden=\"true\" rel=\"noopener noreferrer\"><i  class=\"gray fa icon fa-twitter-square\"><\/i><\/a> <a href=\"#\" target=\"_self\" rel=\"noopener noreferrer\"><i  class=\"gray fa icon fa-linkedin-square\"><\/i><\/a> <a href=\"#\" target=\"_self\" data-reiki-hidden=\"true\" rel=\"noopener noreferrer\"><i  class=\"gray fa icon fa-google-plus-square\"><\/i><\/a><\/div> <\/div><\/div> <\/div> <div  class=\"col-xs-12 col-sm-6 col-md-3 col-padding\"> <div  class=\"row \"> <div  data-type=\"column\" class=\"col-xs-12 col-sm-12\"> <a data-cp-link=\"1\" href=\"#\" class=\"\" target=\"_self\" rel=\"noopener noreferrer\"><img decoding=\"async\"  class=\"round face\" src=\"https:\/\/alverniasgratitud.org\/wp-content\/uploads\/2021\/05\/marleny_cvx87.jpg\" alt=\"\" title=\"marleny_cvx250\"><\/a> <h4  class=\"font-500\"><span  style=\"font-weight: 300;\">Marleny S\u00e1nchez S\u00e1nchez<\/span><\/h4> <p  class=\"italic\"><span  style=\"font-weight: 300;\">Directora de Proyectos<\/span><\/p>  <a class=\"link\" href=\"mailto:marleny.sanchez@alverniasgratitud.org\" target=\"_self\" data-cp-link=\"1\" rel=\"noopener noreferrer\">marleny.sanchez@alverniasgratitud.org<\/a><div  class=\"social-icons-group\" data-type=\"group\"> <a href=\"#\" target=\"_self\" data-reiki-hidden=\"true\" rel=\"noopener noreferrer\"><i  class=\"gray fa icon fa-facebook-square\"><\/i><\/a> <a href=\"#\" target=\"_self\" data-reiki-hidden=\"true\" rel=\"noopener noreferrer\"><i  class=\"gray fa icon fa-twitter-square\"><\/i><\/a> <a href=\"#\" target=\"_blank\" rel=\"noopener noreferrer\"><i  class=\"gray fa icon fa-linkedin-square\"><\/i><\/a> <a href=\"#\" target=\"_self\" data-reiki-hidden=\"true\" rel=\"noopener noreferrer\"><i  class=\"gray fa icon fa-google-plus-square\"><\/i><\/a><\/div> <\/div><\/div> <\/div> <div  class=\"col-xs-12 col-sm-6 col-md-3 col-padding\"> <div  class=\"row \"> <div  data-type=\"column\" class=\"col-xs-12 col-sm-12\"> <img decoding=\"async\"  class=\"round face\" src=\"https:\/\/alverniasgratitud.org\/wp-content\/uploads\/2021\/05\/olmahoyos_116px.jpg\" alt=\"\" title=\"olmahoyos_116px\"> <h4  class=\"font-500\"><span  style=\"font-weight: 300;\">Olma Hoyos Molina<\/span><\/h4> <p  class=\"italic\"><span  style=\"font-weight: 300;\">Gestora de Proyectos<\/span><\/p>  <a class=\"link\" href=\"mailto:olma.hoyos@alverniasgratitud.org\" target=\"_self\" data-cp-link=\"1\" rel=\"noopener noreferrer\">olma.hoyos@alverniasgratitud.org<\/a><div  class=\"social-icons-group\" data-type=\"group\"> <a href=\"#\" target=\"_self\" data-reiki-hidden=\"true\" rel=\"noopener noreferrer\"><i  class=\"gray fa icon fa-facebook-square\"><\/i><\/a> <a href=\"#\" target=\"_self\" data-reiki-hidden=\"true\" rel=\"noopener noreferrer\"><i  class=\"gray fa icon fa-twitter-square\"><\/i><\/a> <a href=\"http:\/\/www.linkedin.com\/in\/olma-hoyos-molina-73a373135\" target=\"_blank\" class=\"\" rel=\"noopener noreferrer\"><i  class=\"gray fa icon fa-linkedin-square\"><\/i><\/a> <a href=\"#\" target=\"_self\" data-reiki-hidden=\"true\" rel=\"noopener noreferrer\"><i  class=\"gray fa icon fa-google-plus-square\"><\/i><\/a><\/div> <\/div><\/div> <\/div> <div  class=\"col-xs-12 col-sm-6 col-md-3 col-padding\"> <div  class=\"row \"> <div  data-type=\"column\" class=\"col-xs-12 col-sm-12\"> <img decoding=\"async\"  class=\"round face\" src=\"https:\/\/alverniasgratitud.org\/wp-content\/uploads\/2019\/09\/cropped-FOTO_julio_irurita.png\" alt=\"\" title=\"cropped-FOTO_julio_irurita.png\"> <h4  class=\"font-500\"><span  style=\"font-weight: 300;\">Julio C\u00e9sar Irurita B.<\/span><\/h4> <p  class=\"italic\"><span  style=\"font-weight: 300;\">Gestor TICs&nbsp;<\/span><\/p>  <a class=\"link\" href=\"mailto:julio.irurita@alverniasgratitud.org\" target=\"_self\" data-cp-link=\"1\" rel=\"noopener noreferrer\"> julio.irurita@alverniasgratitud.org<\/a><div  class=\"social-icons-group\" data-type=\"group\"> <a href=\"#\" target=\"_self\" data-reiki-hidden=\"true\" rel=\"noopener noreferrer\"><i  class=\"gray fa icon fa-facebook-square\"><\/i><\/a> <a href=\"#\" target=\"_self\" data-reiki-hidden=\"true\" rel=\"noopener noreferrer\"><i  class=\"gray fa icon fa-twitter-square\"><\/i><\/a> <a href=\"https:\/\/alverniasgratitud.org\/www.linkedin.com\/in\/juliocesari\" target=\"_blank\" rel=\"noopener noreferrer\"><i  class=\"gray fa icon fa-linkedin-square\"><\/i><\/a> <a href=\"#\" target=\"_self\" data-reiki-hidden=\"true\" rel=\"noopener noreferrer\"><i  class=\"gray fa icon fa-google-plus-square\"><\/i><\/a><\/div> <\/div><\/div> <\/div><\/div> <\/div><\/div>","protected":false},"excerpt":{"rendered":"<p>NUESTRO EJE DE ACCI\u00d3NIncentivar en las personas&nbsp;el sentimiento de la gratitud en sus acciones diarias \u00bfC\u00d3MO VIVIMOS EL AGRADECIMIENTO?Lo hacemos de tres maneras&nbsp;La transformaci\u00f3n del ser, del medio ambiente y de las comunidades En el centro de agradecimiento asumimos la gratitud como un estilo de vida, cuidando el medio ambiente como una herramienta que apoya&hellip; <br \/> <a class=\"read-more\" href=\"https:\/\/alverniasgratitud.org\/\">Read more<\/a><\/p>\n","protected":false},"author":1,"featured_media":0,"parent":0,"menu_order":0,"comment_status":"closed","ping_status":"closed","template":"page-templates\/homepage.php","meta":{"om_disable_all_campaigns":false,"_monsterinsights_skip_tracking":false,"_monsterinsights_sitenote_active":false,"_monsterinsights_sitenote_note":"","_monsterinsights_sitenote_category":0,"footnotes":""},"class_list":["post-52","page","type-page","status-publish","hentry"],"jetpack_sharing_enabled":true,"_links":{"self":[{"href":"https:\/\/alverniasgratitud.org\/index.php\/wp-json\/wp\/v2\/pages\/52","targetHints":{"allow":["GET"]}}],"collection":[{"href":"https:\/\/alverniasgratitud.org\/index.php\/wp-json\/wp\/v2\/pages"}],"about":[{"href":"https:\/\/alverniasgratitud.org\/index.php\/wp-json\/wp\/v2\/types\/page"}],"author":[{"embeddable":true,"href":"https:\/\/alverniasgratitud.org\/index.php\/wp-json\/wp\/v2\/users\/1"}],"replies":[{"embeddable":true,"href":"https:\/\/alverniasgratitud.org\/index.php\/wp-json\/wp\/v2\/comments?post=52"}],"version-history":[{"count":64,"href":"https:\/\/alverniasgratitud.org\/index.php\/wp-json\/wp\/v2\/pages\/52\/revisions"}],"predecessor-version":[{"id":654,"href":"https:\/\/alverniasgratitud.org\/index.php\/wp-json\/wp\/v2\/pages\/52\/revisions\/654"}],"wp:attachment":[{"href":"https:\/\/alverniasgratitud.org\/index.php\/wp-json\/wp\/v2\/media?parent=52"}],"curies":[{"name":"wp","href":"https:\/\/api.w.org\/{rel}","templated":true}]}}